{"id":54600,"date":"2026-01-23T12:48:18","date_gmt":"2026-01-23T11:48:18","guid":{"rendered":"https:\/\/gravelart.be\/?post_type=product&#038;p=54600"},"modified":"2026-04-30T03:30:44","modified_gmt":"2026-04-30T01:30:44","slug":"plateau-de-plants-de-sedum","status":"publish","type":"product","link":"https:\/\/gravelart.be\/fr\/product\/plateau-de-plants-de-sedum\/","title":{"rendered":"Plateau de plants de sedum"},"content":{"rendered":"","protected":false},"excerpt":{"rendered":"<p data-start=\"0\" data-end=\"252\">Les <strong data-start=\"4\" data-end=\"33\">plants de sedum en godets<\/strong> sont propos\u00e9s sous forme de <strong data-start=\"62\" data-end=\"87\">plugplants en plateau<\/strong> (environ 50 pi\u00e8ces par plateau), cultiv\u00e9s sur place dans le substrat pour toitures v\u00e9g\u00e9talis\u00e9es <strong data-start=\"184\" data-end=\"196\">CREAroof<\/strong>.<br data-start=\"197\" data-end=\"200\" \/>Ils peuvent \u00eatre plant\u00e9s directement sur la toiture.<\/p>\n<p data-start=\"254\" data-end=\"489\">Ces plantes succulentes sont r\u00e9sistantes aux temp\u00e9ratures \u00e9lev\u00e9es et \u00e0 la s\u00e9cheresse, et sont parfaitement adapt\u00e9es au climat belge. Le sedum supporte des p\u00e9riodes de s\u00e9cheresse extr\u00eame, mais n\u00e9cessite n\u00e9anmoins un minimum d\u2019entretien.<\/p>\n<p data-start=\"491\" data-end=\"604\"><strong data-start=\"491\" data-end=\"518\">Uniquement sur commande<\/strong>, \u00e0 pr\u00e9voir <strong data-start=\"530\" data-end=\"563\">deux jours avant l\u2019enl\u00e8vement<\/strong>.<br data-start=\"564\" data-end=\"567\" \/><strong data-start=\"567\" data-end=\"604\">\u00c0 mettre en \u0153uvre imm\u00e9diatement !<\/strong><\/p>\n<p data-start=\"606\" data-end=\"640\"><strong data-start=\"606\" data-end=\"618\">Dosage :<\/strong><br data-start=\"618\" data-end=\"621\" \/>14 \u00e0 24 plants \/ m\u00b2<\/p>\n","protected":false},"featured_media":54603,"comment_status":"open","ping_status":"closed","template":"","meta":{"_acf_changed":false,"inline_featured_image":false},"product_brand":[],"product_cat":[4152],"product_tag":[],"class_list":{"0":"post-54600","1":"product","2":"type-product","3":"status-publish","4":"has-post-thumbnail","6":"product_cat-toitures-vertes","8":"first","9":"instock","10":"taxable","11":"shipping-taxable","12":"purchasable","13":"product-type-variable","14":"has-default-attributes"},"acf":{"woocommerce_erp_id":"18465","woocommerce_cnk_id":"105125","product_density":50,"custom_prices":[{"variation_id":"54601","customer_group":"PRO","customer_id":"","min_qty":50,"max_qty":999,"steps":50,"price":0.55,"price_incl":0.58,"delivery_group":"COLLECT","warehouse_id":"L"}],"packaging_ids":[{"packaging_name":"Pi\u00e8ce","packaging_id":"73","erp_id":"18465"}]},"yoast_head":"<!-- This site is optimized with the Yoast SEO plugin v27.3 - https:\/\/yoast.com\/product\/yoast-seo-wordpress\/ -->\n<title>Plateau de plants de sedum - Gravelart<\/title>\n<meta name=\"description\" content=\"Plants de sedum, cultiv\u00e9s localement en substrat CREAroof, r\u00e9sistants \u00e0 la chaleur et \u00e0 la s\u00e9cheresse, \u00e0 planter directement sur toiture v\u00e9g\u00e9talis\u00e9e.\" \/>\n<meta name=\"robots\" content=\"index, follow, max-snippet:-1, max-image-preview:large, max-video-preview:-1\" \/>\n<link rel=\"canonical\" href=\"https:\/\/gravelart.be\/fr\/product\/plateau-de-plants-de-sedum\/\" \/>\n<meta property=\"og:locale\" content=\"fr_FR\" \/>\n<meta property=\"og:type\" content=\"article\" \/>\n<meta property=\"og:title\" content=\"Plateau de plants de sedum - Gravelart\" \/>\n<meta property=\"og:description\" content=\"Plants de sedum, cultiv\u00e9s localement en substrat CREAroof, r\u00e9sistants \u00e0 la chaleur et \u00e0 la s\u00e9cheresse, \u00e0 planter directement sur toiture v\u00e9g\u00e9talis\u00e9e.\" \/>\n<meta property=\"og:url\" content=\"https:\/\/gravelart.be\/fr\/product\/plateau-de-plants-de-sedum\/\" \/>\n<meta property=\"og:site_name\" content=\"Gravelart\" \/>\n<meta property=\"article:modified_time\" content=\"2026-04-30T01:30:44+00:00\" \/>\n<meta property=\"og:image\" content=\"https:\/\/gravelart.be\/wp-content\/uploads\/2026\/01\/2406_Kwekerij-sedum-trays-gevuld-2-scaled.jpg\" \/>\n\t<meta property=\"og:image:width\" content=\"1441\" \/>\n\t<meta property=\"og:image:height\" content=\"2560\" \/>\n\t<meta property=\"og:image:type\" content=\"image\/jpeg\" \/>\n<meta name=\"twitter:card\" content=\"summary_large_image\" \/>\n<meta name=\"twitter:label1\" content=\"Dur\u00e9e de lecture estim\u00e9e\" \/>\n\t<meta name=\"twitter:data1\" content=\"1 minute\" \/>\n<script type=\"application\/ld+json\" class=\"yoast-schema-graph\">{\"@context\":\"https:\\\/\\\/schema.org\",\"@graph\":[{\"@type\":\"WebPage\",\"@id\":\"https:\\\/\\\/gravelart.be\\\/fr\\\/product\\\/plateau-de-plants-de-sedum\\\/\",\"url\":\"https:\\\/\\\/gravelart.be\\\/fr\\\/product\\\/plateau-de-plants-de-sedum\\\/\",\"name\":\"Plateau de plants de sedum - Gravelart\",\"isPartOf\":{\"@id\":\"https:\\\/\\\/gravelart.be\\\/fr\\\/#website\"},\"primaryImageOfPage\":{\"@id\":\"https:\\\/\\\/gravelart.be\\\/fr\\\/product\\\/plateau-de-plants-de-sedum\\\/#primaryimage\"},\"image\":{\"@id\":\"https:\\\/\\\/gravelart.be\\\/fr\\\/product\\\/plateau-de-plants-de-sedum\\\/#primaryimage\"},\"thumbnailUrl\":\"https:\\\/\\\/gravelart.be\\\/wp-content\\\/uploads\\\/2026\\\/01\\\/2406_Kwekerij-sedum-trays-gevuld-2-scaled.jpg\",\"datePublished\":\"2026-01-23T11:48:18+00:00\",\"dateModified\":\"2026-04-30T01:30:44+00:00\",\"description\":\"Plants de sedum, cultiv\u00e9s localement en substrat CREAroof, r\u00e9sistants \u00e0 la chaleur et \u00e0 la s\u00e9cheresse, \u00e0 planter directement sur toiture v\u00e9g\u00e9talis\u00e9e.\",\"breadcrumb\":{\"@id\":\"https:\\\/\\\/gravelart.be\\\/fr\\\/product\\\/plateau-de-plants-de-sedum\\\/#breadcrumb\"},\"inLanguage\":\"fr-FR\",\"potentialAction\":[{\"@type\":\"ReadAction\",\"target\":[\"https:\\\/\\\/gravelart.be\\\/fr\\\/product\\\/plateau-de-plants-de-sedum\\\/\"]}]},{\"@type\":\"ImageObject\",\"inLanguage\":\"fr-FR\",\"@id\":\"https:\\\/\\\/gravelart.be\\\/fr\\\/product\\\/plateau-de-plants-de-sedum\\\/#primaryimage\",\"url\":\"https:\\\/\\\/gravelart.be\\\/wp-content\\\/uploads\\\/2026\\\/01\\\/2406_Kwekerij-sedum-trays-gevuld-2-scaled.jpg\",\"contentUrl\":\"https:\\\/\\\/gravelart.be\\\/wp-content\\\/uploads\\\/2026\\\/01\\\/2406_Kwekerij-sedum-trays-gevuld-2-scaled.jpg\",\"width\":1441,\"height\":2560},{\"@type\":\"BreadcrumbList\",\"@id\":\"https:\\\/\\\/gravelart.be\\\/fr\\\/product\\\/plateau-de-plants-de-sedum\\\/#breadcrumb\",\"itemListElement\":[{\"@type\":\"ListItem\",\"position\":1,\"name\":\"Home\",\"item\":\"https:\\\/\\\/gravelart.be\\\/fr\\\/\"},{\"@type\":\"ListItem\",\"position\":2,\"name\":\"Produits\",\"item\":\"https:\\\/\\\/gravelart.be\\\/fr\\\/boutique\\\/\"},{\"@type\":\"ListItem\",\"position\":3,\"name\":\"Plateau de plants de sedum\"}]},{\"@type\":\"WebSite\",\"@id\":\"https:\\\/\\\/gravelart.be\\\/fr\\\/#website\",\"url\":\"https:\\\/\\\/gravelart.be\\\/fr\\\/\",\"name\":\"Gravelart\",\"description\":\"Alles voor tuin en park\",\"publisher\":{\"@id\":\"https:\\\/\\\/gravelart.be\\\/fr\\\/#organization\"},\"potentialAction\":[{\"@type\":\"SearchAction\",\"target\":{\"@type\":\"EntryPoint\",\"urlTemplate\":\"https:\\\/\\\/gravelart.be\\\/fr\\\/?s={search_term_string}\"},\"query-input\":{\"@type\":\"PropertyValueSpecification\",\"valueRequired\":true,\"valueName\":\"search_term_string\"}}],\"inLanguage\":\"fr-FR\"},{\"@type\":\"Organization\",\"@id\":\"https:\\\/\\\/gravelart.be\\\/fr\\\/#organization\",\"name\":\"Gravelart\",\"url\":\"https:\\\/\\\/gravelart.be\\\/fr\\\/\",\"logo\":{\"@type\":\"ImageObject\",\"inLanguage\":\"fr-FR\",\"@id\":\"https:\\\/\\\/gravelart.be\\\/fr\\\/#\\\/schema\\\/logo\\\/image\\\/\",\"url\":\"https:\\\/\\\/gravelart.be\\\/wp-content\\\/uploads\\\/2022\\\/10\\\/logo-gravelart.png\",\"contentUrl\":\"https:\\\/\\\/gravelart.be\\\/wp-content\\\/uploads\\\/2022\\\/10\\\/logo-gravelart.png\",\"width\":348,\"height\":186,\"caption\":\"Gravelart\"},\"image\":{\"@id\":\"https:\\\/\\\/gravelart.be\\\/fr\\\/#\\\/schema\\\/logo\\\/image\\\/\"}}]}<\/script>\n<!-- \/ Yoast SEO plugin. -->","yoast_head_json":{"title":"Plateau de plants de sedum - Gravelart","description":"Plants de sedum, cultiv\u00e9s localement en substrat CREAroof, r\u00e9sistants \u00e0 la chaleur et \u00e0 la s\u00e9cheresse, \u00e0 planter directement sur toiture v\u00e9g\u00e9talis\u00e9e.","robots":{"index":"index","follow":"follow","max-snippet":"max-snippet:-1","max-image-preview":"max-image-preview:large","max-video-preview":"max-video-preview:-1"},"canonical":"https:\/\/gravelart.be\/fr\/product\/plateau-de-plants-de-sedum\/","og_locale":"fr_FR","og_type":"article","og_title":"Plateau de plants de sedum - Gravelart","og_description":"Plants de sedum, cultiv\u00e9s localement en substrat CREAroof, r\u00e9sistants \u00e0 la chaleur et \u00e0 la s\u00e9cheresse, \u00e0 planter directement sur toiture v\u00e9g\u00e9talis\u00e9e.","og_url":"https:\/\/gravelart.be\/fr\/product\/plateau-de-plants-de-sedum\/","og_site_name":"Gravelart","article_modified_time":"2026-04-30T01:30:44+00:00","og_image":[{"width":1441,"height":2560,"url":"https:\/\/gravelart.be\/wp-content\/uploads\/2026\/01\/2406_Kwekerij-sedum-trays-gevuld-2-scaled.jpg","type":"image\/jpeg"}],"twitter_card":"summary_large_image","twitter_misc":{"Dur\u00e9e de lecture estim\u00e9e":"1 minute"},"schema":{"@context":"https:\/\/schema.org","@graph":[{"@type":"WebPage","@id":"https:\/\/gravelart.be\/fr\/product\/plateau-de-plants-de-sedum\/","url":"https:\/\/gravelart.be\/fr\/product\/plateau-de-plants-de-sedum\/","name":"Plateau de plants de sedum - Gravelart","isPartOf":{"@id":"https:\/\/gravelart.be\/fr\/#website"},"primaryImageOfPage":{"@id":"https:\/\/gravelart.be\/fr\/product\/plateau-de-plants-de-sedum\/#primaryimage"},"image":{"@id":"https:\/\/gravelart.be\/fr\/product\/plateau-de-plants-de-sedum\/#primaryimage"},"thumbnailUrl":"https:\/\/gravelart.be\/wp-content\/uploads\/2026\/01\/2406_Kwekerij-sedum-trays-gevuld-2-scaled.jpg","datePublished":"2026-01-23T11:48:18+00:00","dateModified":"2026-04-30T01:30:44+00:00","description":"Plants de sedum, cultiv\u00e9s localement en substrat CREAroof, r\u00e9sistants \u00e0 la chaleur et \u00e0 la s\u00e9cheresse, \u00e0 planter directement sur toiture v\u00e9g\u00e9talis\u00e9e.","breadcrumb":{"@id":"https:\/\/gravelart.be\/fr\/product\/plateau-de-plants-de-sedum\/#breadcrumb"},"inLanguage":"fr-FR","potentialAction":[{"@type":"ReadAction","target":["https:\/\/gravelart.be\/fr\/product\/plateau-de-plants-de-sedum\/"]}]},{"@type":"ImageObject","inLanguage":"fr-FR","@id":"https:\/\/gravelart.be\/fr\/product\/plateau-de-plants-de-sedum\/#primaryimage","url":"https:\/\/gravelart.be\/wp-content\/uploads\/2026\/01\/2406_Kwekerij-sedum-trays-gevuld-2-scaled.jpg","contentUrl":"https:\/\/gravelart.be\/wp-content\/uploads\/2026\/01\/2406_Kwekerij-sedum-trays-gevuld-2-scaled.jpg","width":1441,"height":2560},{"@type":"BreadcrumbList","@id":"https:\/\/gravelart.be\/fr\/product\/plateau-de-plants-de-sedum\/#breadcrumb","itemListElement":[{"@type":"ListItem","position":1,"name":"Home","item":"https:\/\/gravelart.be\/fr\/"},{"@type":"ListItem","position":2,"name":"Produits","item":"https:\/\/gravelart.be\/fr\/boutique\/"},{"@type":"ListItem","position":3,"name":"Plateau de plants de sedum"}]},{"@type":"WebSite","@id":"https:\/\/gravelart.be\/fr\/#website","url":"https:\/\/gravelart.be\/fr\/","name":"Gravelart","description":"Alles voor tuin en park","publisher":{"@id":"https:\/\/gravelart.be\/fr\/#organization"},"potentialAction":[{"@type":"SearchAction","target":{"@type":"EntryPoint","urlTemplate":"https:\/\/gravelart.be\/fr\/?s={search_term_string}"},"query-input":{"@type":"PropertyValueSpecification","valueRequired":true,"valueName":"search_term_string"}}],"inLanguage":"fr-FR"},{"@type":"Organization","@id":"https:\/\/gravelart.be\/fr\/#organization","name":"Gravelart","url":"https:\/\/gravelart.be\/fr\/","logo":{"@type":"ImageObject","inLanguage":"fr-FR","@id":"https:\/\/gravelart.be\/fr\/#\/schema\/logo\/image\/","url":"https:\/\/gravelart.be\/wp-content\/uploads\/2022\/10\/logo-gravelart.png","contentUrl":"https:\/\/gravelart.be\/wp-content\/uploads\/2022\/10\/logo-gravelart.png","width":348,"height":186,"caption":"Gravelart"},"image":{"@id":"https:\/\/gravelart.be\/fr\/#\/schema\/logo\/image\/"}}]}},"_links":{"self":[{"href":"https:\/\/gravelart.be\/fr\/wp-json\/wp\/v2\/product\/54600","targetHints":{"allow":["GET"]}}],"collection":[{"href":"https:\/\/gravelart.be\/fr\/wp-json\/wp\/v2\/product"}],"about":[{"href":"https:\/\/gravelart.be\/fr\/wp-json\/wp\/v2\/types\/product"}],"replies":[{"embeddable":true,"href":"https:\/\/gravelart.be\/fr\/wp-json\/wp\/v2\/comments?post=54600"}],"wp:featuredmedia":[{"embeddable":true,"href":"https:\/\/gravelart.be\/fr\/wp-json\/wp\/v2\/media\/54603"}],"wp:attachment":[{"href":"https:\/\/gravelart.be\/fr\/wp-json\/wp\/v2\/media?parent=54600"}],"wp:term":[{"taxonomy":"product_brand","embeddable":true,"href":"https:\/\/gravelart.be\/fr\/wp-json\/wp\/v2\/product_brand?post=54600"},{"taxonomy":"product_cat","embeddable":true,"href":"https:\/\/gravelart.be\/fr\/wp-json\/wp\/v2\/product_cat?post=54600"},{"taxonomy":"product_tag","embeddable":true,"href":"https:\/\/gravelart.be\/fr\/wp-json\/wp\/v2\/product_tag?post=54600"}],"curies":[{"name":"wp","href":"https:\/\/api.w.org\/{rel}","templated":true}]}}