{"id":55228,"date":"2024-11-07T15:22:10","date_gmt":"2024-11-07T14:22:10","guid":{"rendered":"https:\/\/gravelart.be\/product\/tapis-de-sedum-mixte\/"},"modified":"2026-04-30T04:00:15","modified_gmt":"2026-04-30T02:00:15","slug":"tapis-de-sedum-mixte","status":"publish","type":"product","link":"https:\/\/gravelart.be\/fr\/product\/tapis-de-sedum-mixte\/","title":{"rendered":"Tapis de sedum mixte"},"content":{"rendered":"","protected":false},"excerpt":{"rendered":"<p>Les tapis de sedum mixtes Gravelart sont cultiv\u00e9s localement en Belgique et pr\u00e9-cultiv\u00e9s pour un r\u00e9sultat vert imm\u00e9diat. Ces tapis de v\u00e9g\u00e9tation pr\u00eats \u00e0 l\u2019emploi offrent une solution de toiture v\u00e9g\u00e9talis\u00e9e durable et n\u00e9cessitant peu d\u2019entretien, id\u00e9ale pour les toitures plates comme l\u00e9g\u00e8rement inclin\u00e9es.<br \/>\nGr\u00e2ce au m\u00e9lange de sedums r\u00e9sistants au gel, les tapis supportent diverses conditions climatiques et garantissent \u00e0 votre projet un aspect naturel tout au long de l\u2019ann\u00e9e.<\/p>\n<h3><strong>Avantages des tapis de sedum mixtes :<\/strong><\/h3>\n<ul>\n<li>Installation facile : l\u00e9gers et rapides \u00e0 poser, adapt\u00e9s \u00e0 toutes les saisons.<\/li>\n<li>Qualit\u00e9 et production locale : pr\u00e9-cultiv\u00e9s en Belgique pour une livraison rapide et des normes de qualit\u00e9 \u00e9lev\u00e9es.<\/li>\n<li>Durables et n\u00e9cessitant peu d\u2019entretien : r\u00e9sistants au gel et \u00e0 la s\u00e9cheresse, avec une longue dur\u00e9e de vie.<\/li>\n<li>Flexibles : faciles \u00e0 retirer pour l\u2019entretien ou l\u2019inspection de la toiture.<\/li>\n<\/ul>\n<p>Am\u00e9liorez la durabilit\u00e9 et l\u2019esth\u00e9tique de votre toiture avec les tapis de sedum mixtes Gravelart.<br \/>\nPour plus d\u2019informations ou pour passer commande, <a href=\"https:\/\/www.jatu.be\/fr\/contact\/\">contactez-nous<\/a> !<\/p>\n<p><strong>Dimensions:<\/strong> 80 cm x 120 cm<\/p>\n<p><span style=\"font-size: 20px;\"><strong>Ce produit n\u2019est pas un article de stock. Disponible uniquement sur commande ! <\/strong><\/span><\/p>\n","protected":false},"featured_media":47971,"comment_status":"open","ping_status":"closed","template":"","meta":{"_acf_changed":false,"inline_featured_image":false},"product_brand":[],"product_cat":[4152],"product_tag":[],"class_list":{"0":"post-55228","1":"product","2":"type-product","3":"status-publish","4":"has-post-thumbnail","6":"product_cat-toitures-vertes","8":"first","9":"instock","10":"taxable","11":"shipping-taxable","12":"purchasable","13":"product-type-variable","14":"has-default-attributes"},"acf":{"woocommerce_erp_id":"17304","woocommerce_cnk_id":"102998","product_density":0.96,"custom_prices":[{"variation_id":"55229","customer_group":"PRO","customer_id":"","min_qty":1,"max_qty":9999999,"steps":0.96,"price":18.11,"price_incl":19.2,"delivery_group":"COLLECT","warehouse_id":"Z"},{"variation_id":"55229","customer_group":"PRO","customer_id":"","min_qty":1,"max_qty":9999999,"steps":0.96,"price":18.11,"price_incl":19.2,"delivery_group":"DELIVERY","warehouse_id":"Z"},{"variation_id":"55229","customer_group":"PRO","customer_id":"","min_qty":1,"max_qty":99.9,"steps":0.96,"price":18.11,"price_incl":19.2,"delivery_group":"COLLECT","warehouse_id":"L"},{"variation_id":"55229","customer_group":"PRO","customer_id":"","min_qty":1,"max_qty":99.9,"steps":0.96,"price":18.11,"price_incl":19.2,"delivery_group":"DELIVERY","warehouse_id":"L"},{"variation_id":"55229","customer_group":"PRO","customer_id":"","min_qty":1,"max_qty":9999999,"steps":0.96,"price":18.11,"price_incl":19.2,"delivery_group":"COLLECT","warehouse_id":""},{"variation_id":"55229","customer_group":"PRO","customer_id":"","min_qty":1,"max_qty":9999999,"steps":0.96,"price":18.11,"price_incl":19.2,"delivery_group":"DELIVERY","warehouse_id":""},{"variation_id":"55229","customer_group":"PRO","customer_id":"","min_qty":100,"max_qty":9999999,"steps":0.96,"price":17.11,"price_incl":18.14,"delivery_group":"COLLECT","warehouse_id":"L"},{"variation_id":"55229","customer_group":"PRO","customer_id":"","min_qty":100,"max_qty":9999999,"steps":0.96,"price":17.11,"price_incl":18.14,"delivery_group":"DELIVERY","warehouse_id":"L"},{"variation_id":"55229","customer_group":"DISTRI","customer_id":"","min_qty":1,"max_qty":9999999,"steps":0.96,"price":17.76,"price_incl":18.83,"delivery_group":"DELIVERY","warehouse_id":"Z"},{"variation_id":"55229","customer_group":"DISTRI","customer_id":"","min_qty":1,"max_qty":9999999,"steps":0.96,"price":17.76,"price_incl":18.83,"delivery_group":"COLLECT","warehouse_id":"Z"},{"variation_id":"55229","customer_group":"DISTRI","customer_id":"","min_qty":1,"max_qty":99.9,"steps":0.96,"price":17.76,"price_incl":18.83,"delivery_group":"COLLECT","warehouse_id":"L"},{"variation_id":"55229","customer_group":"DISTRI","customer_id":"","min_qty":1,"max_qty":99.9,"steps":0.96,"price":17.76,"price_incl":18.83,"delivery_group":"DELIVERY","warehouse_id":"L"},{"variation_id":"55229","customer_group":"DISTRI","customer_id":"","min_qty":1,"max_qty":9999999,"steps":0.96,"price":17.76,"price_incl":18.83,"delivery_group":"DELIVERY","warehouse_id":""},{"variation_id":"55229","customer_group":"DISTRI","customer_id":"","min_qty":1,"max_qty":9999999,"steps":0.96,"price":17.76,"price_incl":18.83,"delivery_group":"COLLECT","warehouse_id":""},{"variation_id":"55229","customer_group":"DISTRI","customer_id":"","min_qty":100,"max_qty":9999999,"steps":0.96,"price":16.76,"price_incl":17.77,"delivery_group":"COLLECT","warehouse_id":"L"},{"variation_id":"55229","customer_group":"DISTRI","customer_id":"","min_qty":100,"max_qty":9999999,"steps":0.96,"price":16.76,"price_incl":17.77,"delivery_group":"DELIVERY","warehouse_id":"L"},{"variation_id":"55229","customer_group":"DISTRI","customer_id":"129214","min_qty":1,"max_qty":9999999,"steps":0.96,"price":13.72,"price_incl":14.54,"delivery_group":"DELIVERY","warehouse_id":"Z"},{"variation_id":"55229","customer_group":"DISTRI","customer_id":"129214","min_qty":1,"max_qty":9999999,"steps":0.96,"price":13.72,"price_incl":14.54,"delivery_group":"COLLECT","warehouse_id":"Z"},{"variation_id":"55229","customer_group":"DISTRI","customer_id":"129214","min_qty":1,"max_qty":9999999,"steps":0.96,"price":13.72,"price_incl":14.54,"delivery_group":"DELIVERY","warehouse_id":""},{"variation_id":"55229","customer_group":"DISTRI","customer_id":"129214","min_qty":1,"max_qty":9999999,"steps":0.96,"price":13.72,"price_incl":14.54,"delivery_group":"COLLECT","warehouse_id":""},{"variation_id":"55229","customer_group":"CON","customer_id":"","min_qty":1,"max_qty":9999999,"steps":0.96,"price":21.51,"price_incl":22.8,"delivery_group":"COLLECT","warehouse_id":"Z"},{"variation_id":"55229","customer_group":"CON","customer_id":"","min_qty":1,"max_qty":9999999,"steps":0.96,"price":21.51,"price_incl":22.8,"delivery_group":"DELIVERY","warehouse_id":"Z"},{"variation_id":"55229","customer_group":"CON","customer_id":"","min_qty":1,"max_qty":99.9,"steps":0.96,"price":21.51,"price_incl":22.8,"delivery_group":"COLLECT","warehouse_id":"L"},{"variation_id":"55229","customer_group":"CON","customer_id":"","min_qty":1,"max_qty":99.9,"steps":0.96,"price":21.51,"price_incl":22.8,"delivery_group":"DELIVERY","warehouse_id":"L"},{"variation_id":"55229","customer_group":"CON","customer_id":"","min_qty":1,"max_qty":9999999,"steps":0.96,"price":21.51,"price_incl":22.8,"delivery_group":"COLLECT","warehouse_id":""},{"variation_id":"55229","customer_group":"CON","customer_id":"","min_qty":1,"max_qty":9999999,"steps":0.96,"price":21.51,"price_incl":22.8,"delivery_group":"DELIVERY","warehouse_id":""},{"variation_id":"55229","customer_group":"CON","customer_id":"","min_qty":100,"max_qty":9999999,"steps":0.96,"price":20.51,"price_incl":21.74,"delivery_group":"COLLECT","warehouse_id":"L"},{"variation_id":"55229","customer_group":"CON","customer_id":"","min_qty":100,"max_qty":9999999,"steps":0.96,"price":20.51,"price_incl":21.74,"delivery_group":"DELIVERY","warehouse_id":"L"},{"variation_id":"55229","customer_group":"","customer_id":"131196","min_qty":1,"max_qty":9999999,"steps":0.96,"price":10.5,"price_incl":11.13,"delivery_group":"COLLECT","warehouse_id":""},{"variation_id":"55229","customer_group":"","customer_id":"131196","min_qty":1,"max_qty":9999999,"steps":0.96,"price":13.2,"price_incl":13.99,"delivery_group":"DELIVERY","warehouse_id":""},{"variation_id":"55229","customer_group":"","customer_id":"118686","min_qty":1,"max_qty":9999999,"steps":0.96,"price":10.5,"price_incl":11.13,"delivery_group":"COLLECT","warehouse_id":"L"},{"variation_id":"55229","customer_group":"","customer_id":"131114","min_qty":1,"max_qty":9999999,"steps":0.96,"price":16.76,"price_incl":20.28,"delivery_group":"COLLECT","warehouse_id":"L"},{"variation_id":"55229","customer_group":"PER","customer_id":"","min_qty":1,"max_qty":9999999,"steps":0.96,"price":7.62,"price_incl":8.08,"delivery_group":"COLLECT","warehouse_id":"L"},{"variation_id":"55229","customer_group":"PER","customer_id":"","min_qty":1,"max_qty":9999999,"steps":0.96,"price":7.62,"price_incl":8.08,"delivery_group":"DELIVERY","warehouse_id":"L"}],"packaging_ids":[{"packaging_name":"m\u00b2","packaging_id":"96","erp_id":"17304"}]},"yoast_head":"<!-- This site is optimized with the Yoast SEO plugin v27.3 - https:\/\/yoast.com\/product\/yoast-seo-wordpress\/ -->\n<title>Tapis de sedum mixte - Gravelart<\/title>\n<meta name=\"description\" content=\"Tapis de sedum mixte: R\u00e9sultat vert imm\u00e9diat gr\u00e2ce \u00e0 des tapis de v\u00e9g\u00e9tation pr\u00eats \u00e0 l\u2019emploi, cultiv\u00e9s localement et n\u00e9cessitant peu d\u2019entretien, adapt\u00e9s aux toitures.\" \/>\n<meta name=\"robots\" content=\"index, follow, max-snippet:-1, max-image-preview:large, max-video-preview:-1\" \/>\n<link rel=\"canonical\" href=\"https:\/\/gravelart.be\/fr\/product\/tapis-de-sedum-mixte\/\" \/>\n<meta property=\"og:locale\" content=\"fr_FR\" \/>\n<meta property=\"og:type\" content=\"article\" \/>\n<meta property=\"og:title\" content=\"Tapis de sedum mixte - Gravelart\" \/>\n<meta property=\"og:description\" content=\"Tapis de sedum mixte: R\u00e9sultat vert imm\u00e9diat gr\u00e2ce \u00e0 des tapis de v\u00e9g\u00e9tation pr\u00eats \u00e0 l\u2019emploi, cultiv\u00e9s localement et n\u00e9cessitant peu d\u2019entretien, adapt\u00e9s aux toitures.\" \/>\n<meta property=\"og:url\" content=\"https:\/\/gravelart.be\/fr\/product\/tapis-de-sedum-mixte\/\" \/>\n<meta property=\"og:site_name\" content=\"Gravelart\" \/>\n<meta property=\"article:modified_time\" content=\"2026-04-30T02:00:15+00:00\" \/>\n<meta property=\"og:image\" content=\"https:\/\/gravelart.be\/wp-content\/uploads\/2024\/11\/Sedummixmat-p-45-1024x917.jpg\" \/>\n\t<meta property=\"og:image:width\" content=\"1024\" \/>\n\t<meta property=\"og:image:height\" content=\"917\" \/>\n\t<meta property=\"og:image:type\" content=\"image\/jpeg\" \/>\n<meta name=\"twitter:card\" content=\"summary_large_image\" \/>\n<meta name=\"twitter:label1\" content=\"Dur\u00e9e de lecture estim\u00e9e\" \/>\n\t<meta name=\"twitter:data1\" content=\"1 minute\" \/>\n<script type=\"application\/ld+json\" class=\"yoast-schema-graph\">{\"@context\":\"https:\\\/\\\/schema.org\",\"@graph\":[{\"@type\":\"WebPage\",\"@id\":\"https:\\\/\\\/gravelart.be\\\/fr\\\/product\\\/tapis-de-sedum-mixte\\\/\",\"url\":\"https:\\\/\\\/gravelart.be\\\/fr\\\/product\\\/tapis-de-sedum-mixte\\\/\",\"name\":\"Tapis de sedum mixte - Gravelart\",\"isPartOf\":{\"@id\":\"https:\\\/\\\/gravelart.be\\\/fr\\\/#website\"},\"primaryImageOfPage\":{\"@id\":\"https:\\\/\\\/gravelart.be\\\/fr\\\/product\\\/tapis-de-sedum-mixte\\\/#primaryimage\"},\"image\":{\"@id\":\"https:\\\/\\\/gravelart.be\\\/fr\\\/product\\\/tapis-de-sedum-mixte\\\/#primaryimage\"},\"thumbnailUrl\":\"https:\\\/\\\/gravelart.be\\\/wp-content\\\/uploads\\\/2024\\\/11\\\/Sedummixmat-p-45.jpg\",\"datePublished\":\"2024-11-07T14:22:10+00:00\",\"dateModified\":\"2026-04-30T02:00:15+00:00\",\"description\":\"Tapis de sedum mixte: R\u00e9sultat vert imm\u00e9diat gr\u00e2ce \u00e0 des tapis de v\u00e9g\u00e9tation pr\u00eats \u00e0 l\u2019emploi, cultiv\u00e9s localement et n\u00e9cessitant peu d\u2019entretien, adapt\u00e9s aux toitures.\",\"breadcrumb\":{\"@id\":\"https:\\\/\\\/gravelart.be\\\/fr\\\/product\\\/tapis-de-sedum-mixte\\\/#breadcrumb\"},\"inLanguage\":\"fr-FR\",\"potentialAction\":[{\"@type\":\"ReadAction\",\"target\":[\"https:\\\/\\\/gravelart.be\\\/fr\\\/product\\\/tapis-de-sedum-mixte\\\/\"]}]},{\"@type\":\"ImageObject\",\"inLanguage\":\"fr-FR\",\"@id\":\"https:\\\/\\\/gravelart.be\\\/fr\\\/product\\\/tapis-de-sedum-mixte\\\/#primaryimage\",\"url\":\"https:\\\/\\\/gravelart.be\\\/wp-content\\\/uploads\\\/2024\\\/11\\\/Sedummixmat-p-45.jpg\",\"contentUrl\":\"https:\\\/\\\/gravelart.be\\\/wp-content\\\/uploads\\\/2024\\\/11\\\/Sedummixmat-p-45.jpg\",\"width\":1228,\"height\":1100,\"caption\":\"Tapis de sedum mixte\"},{\"@type\":\"BreadcrumbList\",\"@id\":\"https:\\\/\\\/gravelart.be\\\/fr\\\/product\\\/tapis-de-sedum-mixte\\\/#breadcrumb\",\"itemListElement\":[{\"@type\":\"ListItem\",\"position\":1,\"name\":\"Home\",\"item\":\"https:\\\/\\\/gravelart.be\\\/fr\\\/\"},{\"@type\":\"ListItem\",\"position\":2,\"name\":\"Produits\",\"item\":\"https:\\\/\\\/gravelart.be\\\/fr\\\/boutique\\\/\"},{\"@type\":\"ListItem\",\"position\":3,\"name\":\"Tapis de sedum mixte\"}]},{\"@type\":\"WebSite\",\"@id\":\"https:\\\/\\\/gravelart.be\\\/fr\\\/#website\",\"url\":\"https:\\\/\\\/gravelart.be\\\/fr\\\/\",\"name\":\"Gravelart\",\"description\":\"Alles voor tuin en park\",\"publisher\":{\"@id\":\"https:\\\/\\\/gravelart.be\\\/fr\\\/#organization\"},\"potentialAction\":[{\"@type\":\"SearchAction\",\"target\":{\"@type\":\"EntryPoint\",\"urlTemplate\":\"https:\\\/\\\/gravelart.be\\\/fr\\\/?s={search_term_string}\"},\"query-input\":{\"@type\":\"PropertyValueSpecification\",\"valueRequired\":true,\"valueName\":\"search_term_string\"}}],\"inLanguage\":\"fr-FR\"},{\"@type\":\"Organization\",\"@id\":\"https:\\\/\\\/gravelart.be\\\/fr\\\/#organization\",\"name\":\"Gravelart\",\"url\":\"https:\\\/\\\/gravelart.be\\\/fr\\\/\",\"logo\":{\"@type\":\"ImageObject\",\"inLanguage\":\"fr-FR\",\"@id\":\"https:\\\/\\\/gravelart.be\\\/fr\\\/#\\\/schema\\\/logo\\\/image\\\/\",\"url\":\"https:\\\/\\\/gravelart.be\\\/wp-content\\\/uploads\\\/2022\\\/10\\\/logo-gravelart.png\",\"contentUrl\":\"https:\\\/\\\/gravelart.be\\\/wp-content\\\/uploads\\\/2022\\\/10\\\/logo-gravelart.png\",\"width\":348,\"height\":186,\"caption\":\"Gravelart\"},\"image\":{\"@id\":\"https:\\\/\\\/gravelart.be\\\/fr\\\/#\\\/schema\\\/logo\\\/image\\\/\"}}]}<\/script>\n<!-- \/ Yoast SEO plugin. -->","yoast_head_json":{"title":"Tapis de sedum mixte - Gravelart","description":"Tapis de sedum mixte: R\u00e9sultat vert imm\u00e9diat gr\u00e2ce \u00e0 des tapis de v\u00e9g\u00e9tation pr\u00eats \u00e0 l\u2019emploi, cultiv\u00e9s localement et n\u00e9cessitant peu d\u2019entretien, adapt\u00e9s aux toitures.","robots":{"index":"index","follow":"follow","max-snippet":"max-snippet:-1","max-image-preview":"max-image-preview:large","max-video-preview":"max-video-preview:-1"},"canonical":"https:\/\/gravelart.be\/fr\/product\/tapis-de-sedum-mixte\/","og_locale":"fr_FR","og_type":"article","og_title":"Tapis de sedum mixte - Gravelart","og_description":"Tapis de sedum mixte: R\u00e9sultat vert imm\u00e9diat gr\u00e2ce \u00e0 des tapis de v\u00e9g\u00e9tation pr\u00eats \u00e0 l\u2019emploi, cultiv\u00e9s localement et n\u00e9cessitant peu d\u2019entretien, adapt\u00e9s aux toitures.","og_url":"https:\/\/gravelart.be\/fr\/product\/tapis-de-sedum-mixte\/","og_site_name":"Gravelart","article_modified_time":"2026-04-30T02:00:15+00:00","og_image":[{"width":1024,"height":917,"url":"https:\/\/gravelart.be\/wp-content\/uploads\/2024\/11\/Sedummixmat-p-45-1024x917.jpg","type":"image\/jpeg"}],"twitter_card":"summary_large_image","twitter_misc":{"Dur\u00e9e de lecture estim\u00e9e":"1 minute"},"schema":{"@context":"https:\/\/schema.org","@graph":[{"@type":"WebPage","@id":"https:\/\/gravelart.be\/fr\/product\/tapis-de-sedum-mixte\/","url":"https:\/\/gravelart.be\/fr\/product\/tapis-de-sedum-mixte\/","name":"Tapis de sedum mixte - Gravelart","isPartOf":{"@id":"https:\/\/gravelart.be\/fr\/#website"},"primaryImageOfPage":{"@id":"https:\/\/gravelart.be\/fr\/product\/tapis-de-sedum-mixte\/#primaryimage"},"image":{"@id":"https:\/\/gravelart.be\/fr\/product\/tapis-de-sedum-mixte\/#primaryimage"},"thumbnailUrl":"https:\/\/gravelart.be\/wp-content\/uploads\/2024\/11\/Sedummixmat-p-45.jpg","datePublished":"2024-11-07T14:22:10+00:00","dateModified":"2026-04-30T02:00:15+00:00","description":"Tapis de sedum mixte: R\u00e9sultat vert imm\u00e9diat gr\u00e2ce \u00e0 des tapis de v\u00e9g\u00e9tation pr\u00eats \u00e0 l\u2019emploi, cultiv\u00e9s localement et n\u00e9cessitant peu d\u2019entretien, adapt\u00e9s aux toitures.","breadcrumb":{"@id":"https:\/\/gravelart.be\/fr\/product\/tapis-de-sedum-mixte\/#breadcrumb"},"inLanguage":"fr-FR","potentialAction":[{"@type":"ReadAction","target":["https:\/\/gravelart.be\/fr\/product\/tapis-de-sedum-mixte\/"]}]},{"@type":"ImageObject","inLanguage":"fr-FR","@id":"https:\/\/gravelart.be\/fr\/product\/tapis-de-sedum-mixte\/#primaryimage","url":"https:\/\/gravelart.be\/wp-content\/uploads\/2024\/11\/Sedummixmat-p-45.jpg","contentUrl":"https:\/\/gravelart.be\/wp-content\/uploads\/2024\/11\/Sedummixmat-p-45.jpg","width":1228,"height":1100,"caption":"Tapis de sedum mixte"},{"@type":"BreadcrumbList","@id":"https:\/\/gravelart.be\/fr\/product\/tapis-de-sedum-mixte\/#breadcrumb","itemListElement":[{"@type":"ListItem","position":1,"name":"Home","item":"https:\/\/gravelart.be\/fr\/"},{"@type":"ListItem","position":2,"name":"Produits","item":"https:\/\/gravelart.be\/fr\/boutique\/"},{"@type":"ListItem","position":3,"name":"Tapis de sedum mixte"}]},{"@type":"WebSite","@id":"https:\/\/gravelart.be\/fr\/#website","url":"https:\/\/gravelart.be\/fr\/","name":"Gravelart","description":"Alles voor tuin en park","publisher":{"@id":"https:\/\/gravelart.be\/fr\/#organization"},"potentialAction":[{"@type":"SearchAction","target":{"@type":"EntryPoint","urlTemplate":"https:\/\/gravelart.be\/fr\/?s={search_term_string}"},"query-input":{"@type":"PropertyValueSpecification","valueRequired":true,"valueName":"search_term_string"}}],"inLanguage":"fr-FR"},{"@type":"Organization","@id":"https:\/\/gravelart.be\/fr\/#organization","name":"Gravelart","url":"https:\/\/gravelart.be\/fr\/","logo":{"@type":"ImageObject","inLanguage":"fr-FR","@id":"https:\/\/gravelart.be\/fr\/#\/schema\/logo\/image\/","url":"https:\/\/gravelart.be\/wp-content\/uploads\/2022\/10\/logo-gravelart.png","contentUrl":"https:\/\/gravelart.be\/wp-content\/uploads\/2022\/10\/logo-gravelart.png","width":348,"height":186,"caption":"Gravelart"},"image":{"@id":"https:\/\/gravelart.be\/fr\/#\/schema\/logo\/image\/"}}]}},"_links":{"self":[{"href":"https:\/\/gravelart.be\/fr\/wp-json\/wp\/v2\/product\/55228","targetHints":{"allow":["GET"]}}],"collection":[{"href":"https:\/\/gravelart.be\/fr\/wp-json\/wp\/v2\/product"}],"about":[{"href":"https:\/\/gravelart.be\/fr\/wp-json\/wp\/v2\/types\/product"}],"replies":[{"embeddable":true,"href":"https:\/\/gravelart.be\/fr\/wp-json\/wp\/v2\/comments?post=55228"}],"wp:featuredmedia":[{"embeddable":true,"href":"https:\/\/gravelart.be\/fr\/wp-json\/wp\/v2\/media\/47971"}],"wp:attachment":[{"href":"https:\/\/gravelart.be\/fr\/wp-json\/wp\/v2\/media?parent=55228"}],"wp:term":[{"taxonomy":"product_brand","embeddable":true,"href":"https:\/\/gravelart.be\/fr\/wp-json\/wp\/v2\/product_brand?post=55228"},{"taxonomy":"product_cat","embeddable":true,"href":"https:\/\/gravelart.be\/fr\/wp-json\/wp\/v2\/product_cat?post=55228"},{"taxonomy":"product_tag","embeddable":true,"href":"https:\/\/gravelart.be\/fr\/wp-json\/wp\/v2\/product_tag?post=55228"}],"curies":[{"name":"wp","href":"https:\/\/api.w.org\/{rel}","templated":true}]}}